{"id":587,"date":"2018-07-19T23:45:15","date_gmt":"2018-07-19T21:45:15","guid":{"rendered":"https:\/\/droit-et-handicap.ius.unibas.ch\/?page_id=587"},"modified":"2024-07-16T21:47:45","modified_gmt":"2024-07-16T19:47:45","slug":"programm","status":"publish","type":"page","link":"https:\/\/droit-et-handicap.ius.unibas.ch\/?page_id=587","title":{"rendered":"Programme du 27 juin 2024"},"content":{"rendered":"<h2><span style=\"font-family: verdana, geneva, sans-serif; font-size: 20pt; color: #003366;\">CONF\u00c9RENCE 2024 &#8211; LES DROITS DES PERSONNES EN SITUATION DE HANDICAP<\/span><\/h2>\n<h3><span style=\"font-family: verdana, geneva, sans-serif; font-size: 14pt; color: #008080;\">9h30<\/span><\/h3>\n<p><span style=\"font-family: verdana, geneva, sans-serif;\"><strong><span style=\"font-size: 14pt;\">Ouverture et aper\u00e7u de la conf\u00e9rence<\/span> <\/strong><\/span><\/p>\n<p><span style=\"font-family: verdana, geneva, sans-serif; font-size: 14pt;\"><strong>Markus Schefer<\/strong>, Professeur Facult\u00e9 de droit de l&rsquo;Universit\u00e9 de B\u00e2le, Membre du Comit\u00e9 des droits des personnes handicap\u00e9es de l&rsquo;ONU<\/span><\/p>\n<h3><span style=\"font-family: verdana, geneva, sans-serif; color: #008080; font-size: 14pt;\">9h50<\/span><\/h3>\n<p><span style=\"font-family: verdana, geneva, sans-serif; font-size: 14pt;\"><strong>La r\u00e9vision de la Loi sur l&rsquo;\u00e9galit\u00e9 pour les personnes handicap\u00e9es (LHand) du point de vue de l\u2019administration f\u00e9d\u00e9rale<br \/>\n<\/strong><\/span><\/p>\n<p><span style=\"font-family: verdana, geneva, sans-serif; font-size: 14pt;\"><strong>Andreas Rieder<\/strong>, Responsable du Bureau f\u00e9d\u00e9ral de l&rsquo;\u00e9galit\u00e9 pour les personnes handicap\u00e9es BFEH<\/span><\/p>\n<hr \/>\n<h3><strong><span style=\"font-family: verdana, geneva, sans-serif; color: #008080; font-size: 14pt;\">Pause (10h20 \u00e0 10h45)<\/span><\/strong><\/h3>\n<hr \/>\n<h3><span style=\"font-family: verdana, geneva, sans-serif; font-size: 14pt; color: #008080;\">10h50<\/span><\/h3>\n<p><span style=\"font-family: verdana, geneva, sans-serif; font-size: 14pt;\"><strong>La r\u00e9vision de la LHand du point de vue des associations de personnes en situation de handicap<\/strong><\/span><\/p>\n<p><span style=\"font-family: verdana, geneva, sans-serif; font-size: 14pt;\"><strong>Caroline Hess-Klein<\/strong>, Pr\u00e9sidente de la direction Inclusion Handicap<\/span><\/p>\n<h3><span style=\"font-family: verdana, geneva, sans-serif; color: #008080; font-size: 14pt;\">11h20<\/span><\/h3>\n<p><span style=\"font-family: verdana, geneva, sans-serif; font-size: 14pt;\"><strong>L&rsquo;Institution suisse des droits humains<\/strong><\/span><\/p>\n<p><span style=\"font-family: verdana, geneva, sans-serif; font-size: 14pt;\"><strong>Raphaela Cueni<\/strong>, Pr\u00e9sidente de l\u2019Institution suisse des droits humains<\/span><\/p>\n<hr \/>\n<h3><span style=\"font-family: verdana, geneva, sans-serif; font-size: 14pt; color: #008080;\">Pause de midi (11h50 \u00e0 13h15)<\/span><\/h3>\n<hr \/>\n<h3><span style=\"font-family: verdana, geneva, sans-serif; font-size: 14pt; color: #008080;\">13h20<\/span><\/h3>\n<p><span style=\"font-family: verdana, geneva, sans-serif; font-size: 14pt;\"><strong>D\u00e9veloppements actuels dans les cantons<\/strong><\/span><\/p>\n<ul>\n<li><span style=\"font-family: verdana, geneva, sans-serif; font-size: 14pt;\"><strong>Bernard Favre<\/strong>, Directeur du p\u00f4le handicap \u00e0 l\u2019Office de l&rsquo;action, de l&rsquo;insertion et de l&rsquo;int\u00e9gration sociales (OAIS), canton de Gen\u00e8ve<\/span><\/li>\n<li><span style=\"font-family: verdana, geneva, sans-serif;\"><span style=\"font-size: 14pt;\"><strong>Iris Glockengiesser<\/strong>, Collaboratrice de projet du Bureau de coordination pour les droits des personnes <\/span><\/span><span style=\"font-family: verdana, geneva, sans-serif; font-size: 14pt;\">en situation de handicap, canton de Z\u00fcrich<\/span><\/li>\n<li><span style=\"font-family: verdana, geneva, sans-serif; font-size: 14pt;\"><strong>Albert Marti<\/strong>, Secr\u00e9taire de la European Spinal Cord Injury Federation (ESCIF), canton de Schaffhouse<\/span><\/li>\n<\/ul>\n<h3><span style=\"font-family: verdana, geneva, sans-serif; font-size: 14pt; color: #008080;\">14h10<\/span><\/h3>\n<p><span style=\"font-family: verdana, geneva, sans-serif; font-size: 14pt;\"><strong>L\u2019initiative pour l\u2019inclusion<\/strong><\/span><\/p>\n<ul>\n<li><span style=\"font-family: verdana, geneva, sans-serif; font-size: 14pt;\"><strong>Islam Alijaj<\/strong>, D\u00e9put\u00e9 au Conseil national<\/span><\/li>\n<li><span style=\"font-family: verdana, geneva, sans-serif; font-size: 14pt;\"><strong>Markus Schefer<\/strong><\/span><\/li>\n<\/ul>\n<h3><span style=\"font-family: verdana, geneva, sans-serif; font-size: 14pt; color: #008080;\">14h40<\/span><\/h3>\n<p><span style=\"font-family: verdana, geneva, sans-serif; font-size: 14pt;\"><strong>Litige strat\u00e9gique en vue de la r\u00e9alisation des droits des personnes en situation de handicap<\/strong><\/span><\/p>\n<ul>\n<li><span style=\"font-family: verdana, geneva, sans-serif; font-size: 14pt;\"><strong>Nuria Frei<\/strong>, Avocate, Inclusion Handicap<\/span><\/li>\n<li><span style=\"font-family: verdana, geneva, sans-serif; font-size: 14pt;\"><strong>S\u00e9bastien Kessler<\/strong>, Membre du Comit\u00e9 d\u2019Inclusion Handicap, D\u00e9put\u00e9 au Grand Conseil du canton de Vaud, Associ\u00e9-fondateur id-Geo S\u00e0rl<\/span><\/li>\n<\/ul>\n<hr \/>\n<h3><span style=\"font-family: verdana, geneva, sans-serif; color: #008080; font-size: 14pt;\">Pause (15h20 \u00e0 15h45)<\/span><\/h3>\n<hr \/>\n<h3><span style=\"font-family: verdana, geneva, sans-serif; font-size: 14pt; color: #008080;\">15h50<\/span><\/h3>\n<p><span style=\"font-family: verdana, geneva, sans-serif; font-size: 14pt;\"><strong>O\u00f9 en sommes-nous aujourd\u2019hui?<\/strong><\/span><\/p>\n<p><span style=\"font-family: verdana, geneva, sans-serif; font-size: 14pt;\">D\u00e9bat avec:<\/span><\/p>\n<ul>\n<li><span style=\"font-family: verdana, geneva, sans-serif; font-size: 14pt;\"><strong>Islam Alijaj<\/strong>, D\u00e9put\u00e9 au Conseil national<\/span><\/li>\n<li><span style=\"font-family: verdana, geneva, sans-serif; font-size: 14pt;\"><strong>S\u00e9bastien Kessler<\/strong>, D\u00e9put\u00e9 au Grand Conseil du canton de Vaud<br \/>\n<\/span><\/li>\n<li><span style=\"font-family: verdana, geneva, sans-serif; font-size: 14pt;\"><strong>Simone Leuenberger<\/strong>, D\u00e9put\u00e9e au Grand Conseil du canton de Berne<\/span><\/li>\n<li><span style=\"font-family: verdana, geneva, sans-serif; font-size: 14pt;\"><strong>Albert Marti<\/strong>, Secr\u00e9taire ESCIF<\/span><\/li>\n<\/ul>\n<p><span style=\"font-family: verdana, geneva, sans-serif; font-size: 14pt;\">Mod\u00e9ration: Caroline Hess-Klein<\/span><\/p>\n<h3><span style=\"font-family: verdana, geneva, sans-serif; font-size: 14pt; color: #008080;\">16h55<\/span><\/h3>\n<p><span style=\"font-family: verdana, geneva, sans-serif; font-size: 14pt;\"><strong>Conclusions<\/strong><\/span><\/p>\n<p><span style=\"font-family: verdana, geneva, sans-serif; font-size: 14pt;\"><strong>Markus Schefer<\/strong><\/span><\/p>\n<hr \/>\n<h3><span style=\"font-family: verdana, geneva, sans-serif; font-size: 14pt; color: #008080;\">Ap\u00e9ro (17h00)<\/span><\/h3>\n<hr \/>\n<p><a href=\"https:\/\/droit-et-handicap.ius.unibas.ch\/wp-content\/uploads\/2024\/06\/Programm-Conference_Droits-PSH_27.06.2024.pdf\"><span style=\"font-family: verdana, geneva, sans-serif; font-size: 14pt;\">Flyer du Programme en fichier PDF \u00e0 t\u00e9l\u00e9charger<\/span><\/a><\/p>\n<p><a href=\"https:\/\/droit-et-handicap.ius.unibas.ch\/wp-content\/uploads\/2024\/06\/Programm-Conference_Droits-PSH_27.06.2024.docx\"><span style=\"font-family: verdana, geneva, sans-serif; font-size: 14pt;\">Programme en fichier Word \u00e0 t\u00e9l\u00e9charger<\/span><\/a><\/p>\n","protected":false},"excerpt":{"rendered":"<p>CONF\u00c9RENCE 2024 &#8211; LES DROITS DES PERSONNES EN SITUATION DE HANDICAP 9h30 Ouverture et aper\u00e7u de la conf\u00e9rence Markus Schefer, Professeur Facult\u00e9 de droit de l&rsquo;Universit\u00e9 de B\u00e2le, Membre du Comit\u00e9 des droits des personnes handicap\u00e9es de l&rsquo;ONU 9h50 La r\u00e9vision de la Loi sur l&rsquo;\u00e9galit\u00e9 pour les personnes handicap\u00e9es (LHand) du point de vue &hellip; <a href=\"https:\/\/droit-et-handicap.ius.unibas.ch\/?page_id=587\" class=\"more-link\">Continuer la lecture<span class=\"screen-reader-text\"> de &laquo;&nbsp;Programme du 27 juin 2024&nbsp;&raquo;<\/span><\/a><\/p>\n","protected":false},"author":1,"featured_media":0,"parent":0,"menu_order":0,"comment_status":"closed","ping_status":"closed","template":"","meta":{"footnotes":""},"class_list":["post-587","page","type-page","status-publish","hentry"],"_links":{"self":[{"href":"https:\/\/droit-et-handicap.ius.unibas.ch\/index.php?rest_route=\/wp\/v2\/pages\/587"}],"collection":[{"href":"https:\/\/droit-et-handicap.ius.unibas.ch\/index.php?rest_route=\/wp\/v2\/pages"}],"about":[{"href":"https:\/\/droit-et-handicap.ius.unibas.ch\/index.php?rest_route=\/wp\/v2\/types\/page"}],"author":[{"embeddable":true,"href":"https:\/\/droit-et-handicap.ius.unibas.ch\/index.php?rest_route=\/wp\/v2\/users\/1"}],"replies":[{"embeddable":true,"href":"https:\/\/droit-et-handicap.ius.unibas.ch\/index.php?rest_route=%2Fwp%2Fv2%2Fcomments&post=587"}],"version-history":[{"count":83,"href":"https:\/\/droit-et-handicap.ius.unibas.ch\/index.php?rest_route=\/wp\/v2\/pages\/587\/revisions"}],"predecessor-version":[{"id":2069,"href":"https:\/\/droit-et-handicap.ius.unibas.ch\/index.php?rest_route=\/wp\/v2\/pages\/587\/revisions\/2069"}],"wp:attachment":[{"href":"https:\/\/droit-et-handicap.ius.unibas.ch\/index.php?rest_route=%2Fwp%2Fv2%2Fmedia&parent=587"}],"curies":[{"name":"wp","href":"https:\/\/api.w.org\/{rel}","templated":true}]}}